{"id":20347,"date":"2021-05-19T17:18:13","date_gmt":"2021-05-19T15:18:13","guid":{"rendered":"https:\/\/www.essenzial.com\/?post_type=clientes&#038;p=20347"},"modified":"2026-04-27T12:10:58","modified_gmt":"2026-04-27T10:10:58","slug":"respirama","status":"publish","type":"cliente","link":"https:\/\/www.essenzial.com\/en\/client\/respirama","title":{"rendered":"Respirama"},"content":{"rendered":"<div class=\"wpb-content-wrapper\"><p>[vc_row bg_type=&#8221;grad&#8221; bg_override=&#8221;ex-full&#8221; animation_type=&#8221;h&#8221; horizontal_animation=&#8221;left-animation&#8221; vertical_animation=&#8221;top-animation&#8221; disable_on_mobile=&#8221;disable_on_mobile_value&#8221; bg_grad=&#8221;background: -webkit-gradient(linear, left top, left bottom, color-stop(0%, #C5C5C5), color-stop(49%, #E5E5E5), color-stop(100%, #F5F5F5));background: -moz-linear-gradient(top,#C5C5C5 0%,#E5E5E5 49%,#F5F5F5 100%);background: -webkit-linear-gradient(top,#C5C5C5 0%,#E5E5E5 49%,#F5F5F5 100%);background: -o-linear-gradient(top,#C5C5C5 0%,#E5E5E5 49%,#F5F5F5 100%);background: -ms-linear-gradient(top,#C5C5C5 0%,#E5E5E5 49%,#F5F5F5 100%);background: linear-gradient(top,#C5C5C5 0%,#E5E5E5 49%,#F5F5F5 100%);&#8221; el_class=&#8221;cabecera-essenzial&#8221;][vc_column][vc_row_inner equal_height=&#8221;yes&#8221; content_placement=&#8221;middle&#8221;][vc_column_inner width=&#8221;1\/2&#8243;][vc_single_image image=&#8221;20345&#8243; img_size=&#8221;600&#215;315&#8243;][\/vc_column_inner][vc_column_inner width=&#8221;1\/2&#8243;][vc_single_image image=&#8221;20343&#8243; img_size=&#8221;full&#8221; add_caption=&#8221;yes&#8221; css=&#8221;&#8221; el_class=&#8221;mobx&#8221;]<div id=\"ultimate-heading-745169f3f5dda3e28\" class=\"uvc-heading ult-adjust-bottom-margin ultimate-heading-745169f3f5dda3e28 uvc-5787 \" data-hspacer=\"no_spacer\"  data-halign=\"left\" style=\"text-align:left\"><div class=\"uvc-heading-spacer no_spacer\" style=\"top\"><\/div><div class=\"uvc-sub-heading ult-responsive\"  data-ultimate-target='.uvc-heading.ultimate-heading-745169f3f5dda3e28 .uvc-sub-heading '  data-responsive-json-new='{\"font-size\":\"desktop:16px;\",\"line-height\":\"desktop:19px;\"}'  style=\"font-family:&#039;Raleway&#039;;font-weight:normal;font-style:normal;color:#333333;\"><\/p>\r\n<p style=\"letter-spacing: 1pt;\">L\u00edderes en enfermedades respiratorias. Partner del Grupo Vithas, con un Equipo multidisciplinario altamente especializado en Neumolog\u00eda y Cirug\u00eda Tor\u00e1cica.<\/p>\r\n<p><\/div><\/div>[\/vc_column_inner][\/vc_row_inner][\/vc_column][\/vc_row][vc_row animation_type=&#8221;h&#8221; horizontal_animation=&#8221;left-animation&#8221; vertical_animation=&#8221;top-animation&#8221; disable_on_mobile=&#8221;disable_on_mobile_value&#8221;][vc_column width=&#8221;1\/3&#8243;]<div class=\"ult-spacer spacer-69f3f5dda3ecb\" data-id=\"69f3f5dda3ecb\" data-height=\"35\" data-height-mobile=\"15\" data-height-tab=\"15\" data-height-tab-portrait=\"\" data-height-mobile-landscape=\"\" style=\"clear:both;display:block;\"><\/div><div class=\"aio-icon-component    style_1\"><div id=\"Info-box-wrap-5624\" class=\"aio-icon-box default-icon\" style=\"\"  ><div class=\"aio-icon-default\"><div class=\"ult-just-icon-wrapper  \"><div class=\"align-icon\" style=\"text-align:center;\">\n<div class=\"aio-icon square \"  style=\"color:#333;background:#e5e5e5;font-size:30px;display:inline-block;\">\n\t<i class=\"Defaults-check\"><\/i>\n<\/div><\/div><\/div><\/div><div class=\"aio-icon-header\" ><h3 class=\"aio-icon-title ult-responsive\"  data-ultimate-target='#Info-box-wrap-5624 .aio-icon-title'  data-responsive-json-new='{\"font-size\":\"desktop:18px;\",\"line-height\":\"\"}'  style=\"font-family:&#039;Raleway&#039;;font-weight:600;color:#2e2e2e;\">Reto<\/h3><\/div> <!-- header --><div class=\"aio-icon-description ult-responsive\"  data-ultimate-target='#Info-box-wrap-5624 .aio-icon-description'  data-responsive-json-new='{\"font-size\":\"desktop:14px;\",\"line-height\":\"desktop:22px;\"}'  style=\"color:#777777;\">Acometer un proyecto para su nuevo Portal Web Corprativo, que le ayude a la consecuci\u00f3n de sus objetivos y a presentar la Alianza de Servicios con el grupo Vithas.<\/div> <!-- description --><\/div> <!-- aio-icon-box --><\/div> <!-- aio-icon-component -->[\/vc_column][vc_column width=&#8221;1\/3&#8243;]<div class=\"ult-spacer spacer-69f3f5dda40b0\" data-id=\"69f3f5dda40b0\" data-height=\"35\" data-height-mobile=\"15\" data-height-tab=\"15\" data-height-tab-portrait=\"\" data-height-mobile-landscape=\"\" style=\"clear:both;display:block;\"><\/div><div class=\"aio-icon-component    style_1\"><div id=\"Info-box-wrap-1108\" class=\"aio-icon-box default-icon\" style=\"\"  ><div class=\"aio-icon-default\"><div class=\"ult-just-icon-wrapper  \"><div class=\"align-icon\" style=\"text-align:center;\">\n<div class=\"aio-icon square \"  style=\"color:#333;background:#e5e5e5;font-size:30px;display:inline-block;\">\n\t<i class=\"Defaults-check\"><\/i>\n<\/div><\/div><\/div><\/div><div class=\"aio-icon-header\" ><h3 class=\"aio-icon-title ult-responsive\"  data-ultimate-target='#Info-box-wrap-1108 .aio-icon-title'  data-responsive-json-new='{\"font-size\":\"desktop:20px;\",\"line-height\":\"\"}'  style=\"font-family:&#039;Raleway&#039;;font-weight:600;color:#2e2e2e;\">Soluci\u00f3n<\/h3><\/div> <!-- header --><div class=\"aio-icon-description ult-responsive\"  data-ultimate-target='#Info-box-wrap-1108 .aio-icon-description'  data-responsive-json-new='{\"font-size\":\"desktop:14px;\",\"line-height\":\"desktop:22px;\"}'  style=\"color:#777777;\">Essenzial ha provisionado sus \u201cSoluciones como un Servicio\u201d, implementado diversos m\u00f3dulos: Gesti\u00f3n de Contenidos y Portal Web.<\/div> <!-- description --><\/div> <!-- aio-icon-box --><\/div> <!-- aio-icon-component -->[\/vc_column][vc_column width=&#8221;1\/3&#8243;]<div class=\"ult-spacer spacer-69f3f5dda41e7\" data-id=\"69f3f5dda41e7\" data-height=\"35\" data-height-mobile=\"15\" data-height-tab=\"15\" data-height-tab-portrait=\"\" data-height-mobile-landscape=\"\" style=\"clear:both;display:block;\"><\/div><div class=\"aio-icon-component    style_1\"><div id=\"Info-box-wrap-8693\" class=\"aio-icon-box default-icon\" style=\"\"  ><div class=\"aio-icon-default\"><div class=\"ult-just-icon-wrapper  \"><div class=\"align-icon\" style=\"text-align:center;\">\n<div class=\"aio-icon square \"  style=\"color:#333;background:#e5e5e5;font-size:30px;display:inline-block;\">\n\t<i class=\"Defaults-check\"><\/i>\n<\/div><\/div><\/div><\/div><div class=\"aio-icon-header\" ><h3 class=\"aio-icon-title ult-responsive\"  data-ultimate-target='#Info-box-wrap-8693 .aio-icon-title'  data-responsive-json-new='{\"font-size\":\"desktop:20px;\",\"line-height\":\"\"}'  style=\"font-family:&#039;Raleway&#039;;font-weight:600;color:#2e2e2e;\">Resultado<\/h3><\/div> <!-- header --><div class=\"aio-icon-description ult-responsive\"  data-ultimate-target='#Info-box-wrap-8693 .aio-icon-description'  data-responsive-json-new='{\"font-size\":\"desktop:14px;\",\"line-height\":\"desktop:22px;\"}'  style=\"color:#777777;\">Mejora de la Imagen Coroprativa y comunicaci\u00f3n de la compa\u00f1ia. Digitalizaci\u00f3n del proceso de solicitud de Citas desde el Portal. Se han sentado las bases para abordar en el futuro pr\u00f3ximo una fase que incorpore eCommerce, eLearning, CRM y Portal del Cliente.<\/div> <!-- description --><\/div> <!-- aio-icon-box --><\/div> <!-- aio-icon-component -->[\/vc_column][\/vc_row][vc_row][vc_column][\/vc_column][\/vc_row][vc_row bg_type=&#8221;bg_color&#8221; bg_override=&#8221;full&#8221; css=&#8221;.vc_custom_1609621464686{margin-bottom: 0px !important;padding-top: 25px !important;padding-bottom: 25px !important;}&#8221; animation_type=&#8221;h&#8221; horizontal_animation=&#8221;left-animation&#8221; vertical_animation=&#8221;top-animation&#8221; disable_on_mobile=&#8221;disable_on_mobile_value&#8221; bg_color_value=&#8221;#f3f5f6&#8243;][vc_column width=&#8221;1\/2&#8243;][vc_single_image image=&#8221;20337&#8243; img_size=&#8221;560&#215;315&#8243; css=&#8221;.vc_custom_1621436064116{padding-top: 15px !important;}&#8221;][\/vc_column][vc_column width=&#8221;1\/2&#8243;]<div class=\"ult-spacer spacer-69f3f5dda451f\" data-id=\"69f3f5dda451f\" data-height=\"20\" data-height-mobile=\"20\" data-height-tab=\"20\" data-height-tab-portrait=\"\" data-height-mobile-landscape=\"\" style=\"clear:both;display:block;\"><\/div><div class=\"titulos_h2_no_cabecera_negro\" style=\"text-align:left\"><div><h2>SERVICIOS UTILIZADOS POR RESPIRAMA<\/h2><\/div><div style=\"margin-top:5px;margin-bottom:5px;height:1px;overflow:hidden;\"><span style=\"border-style: solid; border-bottom-width: 1px; border-color: rgb(204, 204, 204); width: 140px; float:left;margin: 0px auto;\"><\/span><\/div><div><h5>ESSENZIAL DIGITAL PLATFORM<\/h5><\/div><\/div>[vc_column_text]<\/p>\r\n<p style=\"text-align: left;\">El enfoque de servicio global permite que RESPIRAMA pueda disponer de todos los Servicios Tecnol\u00f3gicos que requiera su organizaci\u00f3n, empezando por las opciones b\u00e1sicas de Infraestructura, Plataforma y Aplicaciones en la nube.<\/p>\r\n<p>[\/vc_column_text][\/vc_column][\/vc_row][vc_row equal_height=&#8221;yes&#8221; content_placement=&#8221;middle&#8221; bg_type=&#8221;bg_color&#8221; bg_override=&#8221;full&#8221; css=&#8221;.vc_custom_1609621473126{margin-bottom: 0px !important;padding-top: 25px !important;padding-bottom: 25px !important;}&#8221; animation_type=&#8221;h&#8221; horizontal_animation=&#8221;left-animation&#8221; vertical_animation=&#8221;top-animation&#8221; disable_on_mobile=&#8221;disable_on_mobile_value&#8221; bg_color_value=&#8221;#ffffff&#8221;][vc_column width=&#8221;1\/2&#8243;]<div class=\"ult-spacer spacer-69f3f5dda45a3\" data-id=\"69f3f5dda45a3\" data-height=\"20\" data-height-mobile=\"20\" data-height-tab=\"20\" data-height-tab-portrait=\"\" data-height-mobile-landscape=\"\" style=\"clear:both;display:block;\"><\/div><div class=\"titulos_h2_no_cabecera_negro\" style=\"text-align:left\"><div><h2>RESPIRAMA<\/h2><\/div><div style=\"margin-top:5px;margin-bottom:5px;height:1px;overflow:hidden;\"><span style=\"border-style: solid; border-bottom-width: 1px; border-color: rgb(204, 204, 204); width: 140px; float:left;margin: 0px auto;\"><\/span><\/div><div><h5>ESSENZIAL DIGITAL PLATFORM<\/h5><\/div><\/div>[vc_column_text]RESPIRAMA es una sociedad que presta Servicios relacionados con la actividad Neumol\u00f3gica, y partner destacado del Grupo Vithas en varios hospitales de Madrid, siendo su fundador Dr. Jos\u00e9 Miguel Rodr\u00edguez Gonz\u00e1lez-Moro el Jefe de Servicio de Neumolog\u00eda de dichos hospitales (Vithas la Milagrosa, Vithas Nuestra Se\u00f1ora de Am\u00e9rica y Vithas Pardo de Aravaca), adem\u00e1s de en varios Hospitales P\u00fablicos (Hospital Universitario Pr\u00edncipe de Asturias. Alcal\u00e1 de Henares).[\/vc_column_text][\/vc_column][vc_column width=&#8221;1\/2&#8243;][vc_single_image image=&#8221;20339&#8243; img_size=&#8221;560&#215;315&#8243; css=&#8221;.vc_custom_1621436088201{padding-top: 15px !important;}&#8221;][\/vc_column][\/vc_row][vc_row content_placement=&#8221;middle&#8221; bg_type=&#8221;bg_color&#8221; bg_override=&#8221;full&#8221; css=&#8221;.vc_custom_1609621486496{margin-bottom: 0px !important;padding-top: 25px !important;padding-bottom: 25px !important;}&#8221; animation_type=&#8221;h&#8221; horizontal_animation=&#8221;left-animation&#8221; vertical_animation=&#8221;top-animation&#8221; disable_on_mobile=&#8221;disable_on_mobile_value&#8221; bg_color_value=&#8221;#f3f5f6&#8243;][vc_column width=&#8221;1\/2&#8243;][vc_single_image image=&#8221;20341&#8243; img_size=&#8221;560&#215;315&#8243; css=&#8221;.vc_custom_1621436126920{padding-top: 15px !important;}&#8221;][\/vc_column][vc_column width=&#8221;1\/2&#8243;]<div class=\"ult-spacer spacer-69f3f5dda4613\" data-id=\"69f3f5dda4613\" data-height=\"20\" data-height-mobile=\"20\" data-height-tab=\"20\" data-height-tab-portrait=\"\" data-height-mobile-landscape=\"\" style=\"clear:both;display:block;\"><\/div><div class=\"titulos_h2_no_cabecera_negro\" style=\"text-align:left\"><div><h2>\u00bfPOR QU\u00c9 ESSENZIAL?<\/h2><\/div><div style=\"margin-top:5px;margin-bottom:5px;height:1px;overflow:hidden;\"><span style=\"border-style: solid; border-bottom-width: 1px; border-color: rgb(204, 204, 204); width: 140px; float:left;margin: 0px auto;\"><\/span><\/div><div><h5>ESSENZIAL DIGITAL PLATFORM<\/h5><\/div><\/div>[vc_column_text]<\/p>\r\n<ul>\r\n<li><strong>EXPERIENCIA.<\/strong> Aunque Essenzial se fund\u00f3 en 2013, est\u00e1 creada por profesionales con m\u00e1s de 20 a\u00f1os de experiencia, que han desarrollado sus carreras profesionales en grandes consultoras y multinacionales.<\/li>\r\n<li><strong>DIFERENCIACI\u00d3N.<\/strong> Porque nuestras soluciones se basan en componentes de software libre l\u00edderes mundiales en sus respectivos \u00e1mbitos, bajo un enfoque 100% Cloud.<\/li>\r\n<li><strong>PLAZO Y COSTE DE IMPLANTACI\u00d3N.<\/strong> S\u00f3lo se paga por lo que se usa, con plazos de implantaci\u00f3n reducidos gracias a nuestros \u00abAceleradores para Asociaciones y Fundaciones\u00bb.<\/li>\r\n<\/ul>\r\n<p>[\/vc_column_text][\/vc_column][\/vc_row][vc_row content_placement=&#8221;middle&#8221; bg_type=&#8221;bg_color&#8221; bg_override=&#8221;full&#8221; css=&#8221;.vc_custom_1609621493989{margin-bottom: 0px !important;padding-top: 25px !important;padding-bottom: 25px !important;}&#8221; animation_type=&#8221;h&#8221; horizontal_animation=&#8221;left-animation&#8221; vertical_animation=&#8221;top-animation&#8221; disable_on_mobile=&#8221;disable_on_mobile_value&#8221; bg_color_value=&#8221;#ffffff&#8221;][vc_column width=&#8221;1\/2&#8243;]<div class=\"ult-spacer spacer-69f3f5dda468d\" data-id=\"69f3f5dda468d\" data-height=\"20\" data-height-mobile=\"20\" data-height-tab=\"20\" data-height-tab-portrait=\"\" data-height-mobile-landscape=\"\" style=\"clear:both;display:block;\"><\/div><div class=\"titulos_h2_no_cabecera_negro\" style=\"text-align:left\"><div><h2>RESPIRAMA EN ESSENZIAL CLOUD<\/h2><\/div><div style=\"margin-top:5px;margin-bottom:5px;height:1px;overflow:hidden;\"><span style=\"border-style: solid; border-bottom-width: 1px; border-color: rgb(204, 204, 204); width: 140px; float:left;margin: 0px auto;\"><\/span><\/div><div><h5>ESSENZIAL DIGITAL PLATFORM<\/h5><\/div><\/div>[vc_column_text]Conozca m\u00e1s sobre la actividad y la plataforma desarrollada para RESPIRAMA, visitando su Portal Corporativo.[\/vc_column_text][\/vc_column][vc_column width=&#8221;1\/2&#8243; css=&#8221;.vc_custom_1496492442891{background-image: url(https:\/\/www.essenzial.com\/wp-content\/uploads\/Clientes-en-Essenzial-Cloud.jpg?id=13643) !important;background-position: center !important;background-repeat: no-repeat !important;background-size: cover !important;}&#8221;][vc_single_image image=&#8221;20343&#8243; img_size=&#8221;large&#8221; alignment=&#8221;center&#8221; css=&#8221;&#8221; el_class=&#8221;mobx&#8221;][\/vc_column][\/vc_row]<\/p>\r\n<\/div>","protected":false},"excerpt":{"rendered":"L\u00edderes en enfermedades respiratorias. Partner del Grupo Vithas, con un Equipo multidisciplinario altamente especializado en Neumolog\u00eda y Cirug\u00eda Tor\u00e1cica.","protected":false},"author":1,"featured_media":20345,"menu_order":0,"template":"","format":"standard","meta":{"_acf_changed":false,"footnotes":""},"sectores":[387,155],"destacado":[],"class_list":["post-20347","cliente","type-cliente","status-publish","format-standard","has-post-thumbnail","hentry","sectores-health","sectores-health-wellness"],"acf":[],"_links":{"self":[{"href":"https:\/\/www.essenzial.com\/en\/wp-json\/wp\/v2\/cliente\/20347","targetHints":{"allow":["GET"]}}],"collection":[{"href":"https:\/\/www.essenzial.com\/en\/wp-json\/wp\/v2\/cliente"}],"about":[{"href":"https:\/\/www.essenzial.com\/en\/wp-json\/wp\/v2\/types\/cliente"}],"author":[{"embeddable":true,"href":"https:\/\/www.essenzial.com\/en\/wp-json\/wp\/v2\/users\/1"}],"version-history":[{"count":0,"href":"https:\/\/www.essenzial.com\/en\/wp-json\/wp\/v2\/cliente\/20347\/revisions"}],"wp:featuredmedia":[{"embeddable":true,"href":"https:\/\/www.essenzial.com\/en\/wp-json\/wp\/v2\/media\/20345"}],"wp:attachment":[{"href":"https:\/\/www.essenzial.com\/en\/wp-json\/wp\/v2\/media?parent=20347"}],"wp:term":[{"taxonomy":"sectores","embeddable":true,"href":"https:\/\/www.essenzial.com\/en\/wp-json\/wp\/v2\/sectores?post=20347"},{"taxonomy":"destacado","embeddable":true,"href":"https:\/\/www.essenzial.com\/en\/wp-json\/wp\/v2\/destacado?post=20347"}],"curies":[{"name":"wp","href":"https:\/\/api.w.org\/{rel}","templated":true}]}}